{"id":1731,"date":"2022-01-12T17:03:06","date_gmt":"2022-01-12T16:03:06","guid":{"rendered":"https:\/\/ellyjan.lapenoterie-dordogne.com\/omgeving\/"},"modified":"2022-01-26T18:25:52","modified_gmt":"2022-01-26T17:25:52","slug":"les-alentours","status":"publish","type":"page","link":"https:\/\/www.lapenoterie-dordogne.com\/fr\/les-alentours\/","title":{"rendered":"Les alentours"},"content":{"rendered":"\t\t<div data-elementor-type=\"wp-page\" data-elementor-id=\"1731\" class=\"elementor elementor-1731 elementor-69\" data-elementor-post-type=\"page\">\n\t\t\t\t\t\t<section class=\"elementor-section elementor-top-section elementor-element elementor-element-63e7fcf1 elementor-section-boxed elementor-section-height-default elementor-section-height-default\" data-id=\"63e7fcf1\" data-element_type=\"section\" data-e-type=\"section\">\n\t\t\t\t\t\t<div class=\"elementor-container elementor-column-gap-default\">\n\t\t\t\t\t<div class=\"elementor-column elementor-col-100 elementor-top-column elementor-element elementor-element-d6ae64f\" data-id=\"d6ae64f\" data-element_type=\"column\" data-e-type=\"column\">\n\t\t\t<div class=\"elementor-widget-wrap elementor-element-populated\">\n\t\t\t\t\t\t<div class=\"elementor-element elementor-element-458b5aa9 elementor-widget elementor-widget-heading\" data-id=\"458b5aa9\" data-element_type=\"widget\" data-e-type=\"widget\" data-widget_type=\"heading.default\">\n\t\t\t\t<div class=\"elementor-widget-container\">\n\t\t\t\t\t<h2 class=\"elementor-heading-title elementor-size-default\">Les alentours<\/h2>\t\t\t\t<\/div>\n\t\t\t\t<\/div>\n\t\t\t\t\t<\/div>\n\t\t<\/div>\n\t\t\t\t\t<\/div>\n\t\t<\/section>\n\t\t\t\t<section class=\"elementor-section elementor-top-section elementor-element elementor-element-322abd4 elementor-section-boxed elementor-section-height-default elementor-section-height-default\" data-id=\"322abd4\" data-element_type=\"section\" data-e-type=\"section\">\n\t\t\t\t\t\t<div class=\"elementor-container elementor-column-gap-default\">\n\t\t\t\t\t<div class=\"elementor-column elementor-col-100 elementor-top-column elementor-element elementor-element-d5c4db8\" data-id=\"d5c4db8\" data-element_type=\"column\" data-e-type=\"column\">\n\t\t\t<div class=\"elementor-widget-wrap elementor-element-populated\">\n\t\t\t\t\t\t<div class=\"elementor-element elementor-element-b141419 elementor-widget elementor-widget-heading\" data-id=\"b141419\" data-element_type=\"widget\" data-e-type=\"widget\" data-widget_type=\"heading.default\">\n\t\t\t\t<div class=\"elementor-widget-container\">\n\t\t\t\t\t<h3 class=\"elementor-heading-title elementor-size-default\">Montignac sur V\u00e9z\u00e8re<\/h3>\t\t\t\t<\/div>\n\t\t\t\t<\/div>\n\t\t\t\t\t<\/div>\n\t\t<\/div>\n\t\t\t\t\t<\/div>\n\t\t<\/section>\n\t\t\t\t<section class=\"elementor-section elementor-top-section elementor-element elementor-element-2fc6381b elementor-section-boxed elementor-section-height-default elementor-section-height-default\" data-id=\"2fc6381b\" data-element_type=\"section\" data-e-type=\"section\">\n\t\t\t\t\t\t<div class=\"elementor-container elementor-column-gap-default\">\n\t\t\t\t\t<div class=\"elementor-column elementor-col-66 elementor-top-column elementor-element elementor-element-49850b49\" data-id=\"49850b49\" data-element_type=\"column\" data-e-type=\"column\">\n\t\t\t<div class=\"elementor-widget-wrap elementor-element-populated\">\n\t\t\t\t\t\t<div class=\"elementor-element elementor-element-50a4acbc elementor-widget elementor-widget-text-editor\" data-id=\"50a4acbc\" data-element_type=\"widget\" data-e-type=\"widget\" data-widget_type=\"text-editor.default\">\n\t\t\t\t<div class=\"elementor-widget-container\">\n\t\t\t\t\t\t\t\t\t<p>La Penoterie se situe \u00e0 4 kilom\u00e8tres de Montignac sur V\u00e9z\u00e8re, connu pour les Grottes de Lascaux. L\u2019histoire de cette charmante petite ville remonte \u00e0 la pr\u00e9histoire. Une promenade en ville vaut absolument le coup. Toutes les facilit\u00e9s sont pr\u00e9sentes \u00e0 Montignac:<\/p><ul><li>M\u00e9decin et pharmacie<\/li><li>Bureau de poste<\/li><li>Office de tourisme<\/li><li>Diverses boulangeries et trois supermarch\u00e9s, dont un grand Intermarch\u00e9.<\/li><\/ul><p>Il y a un choix de restaurants o\u00f9 vous trouverez du simple plat du jour, pizza ou cr\u00eape jusqu\u2019au menu gastronomique; ainsi que diverses terrasses sympathiques. Le mercredi et samedi sont les jours du march\u00e9 hebdomadaire.<\/p>\t\t\t\t\t\t\t\t<\/div>\n\t\t\t\t<\/div>\n\t\t\t\t\t<\/div>\n\t\t<\/div>\n\t\t\t\t<div class=\"elementor-column elementor-col-33 elementor-top-column elementor-element elementor-element-634e2483\" data-id=\"634e2483\" data-element_type=\"column\" data-e-type=\"column\" data-settings=\"{&quot;background_background&quot;:&quot;classic&quot;}\">\n\t\t\t<div class=\"elementor-widget-wrap elementor-element-populated\">\n\t\t\t\t\t\t<div class=\"elementor-element elementor-element-29b23ed7 elementor-widget elementor-widget-image\" data-id=\"29b23ed7\" data-element_type=\"widget\" data-e-type=\"widget\" data-widget_type=\"image.default\">\n\t\t\t\t<div class=\"elementor-widget-container\">\n\t\t\t\t\t\t\t\t\t\t\t\t\t\t\t<img fetchpriority=\"high\" decoding=\"async\" width=\"600\" height=\"290\" src=\"https:\/\/www.lapenoterie-dordogne.com\/wp-content\/uploads\/montignac-dordognes.jpg\" class=\"attachment-large size-large wp-image-1677\" alt=\"Montignac\" srcset=\"https:\/\/www.lapenoterie-dordogne.com\/wp-content\/uploads\/montignac-dordognes.jpg 600w, https:\/\/www.lapenoterie-dordogne.com\/wp-content\/uploads\/montignac-dordognes-500x242.jpg 500w\" sizes=\"(max-width: 600px) 100vw, 600px\" \/>\t\t\t\t\t\t\t\t\t\t\t\t\t\t\t<\/div>\n\t\t\t\t<\/div>\n\t\t\t\t\t<\/div>\n\t\t<\/div>\n\t\t\t\t\t<\/div>\n\t\t<\/section>\n\t\t\t\t<section class=\"elementor-section elementor-top-section elementor-element elementor-element-829da62 elementor-section-boxed elementor-section-height-default elementor-section-height-default\" data-id=\"829da62\" data-element_type=\"section\" data-e-type=\"section\">\n\t\t\t\t\t\t<div class=\"elementor-container elementor-column-gap-default\">\n\t\t\t\t\t<div class=\"elementor-column elementor-col-100 elementor-top-column elementor-element elementor-element-abef14b\" data-id=\"abef14b\" data-element_type=\"column\" data-e-type=\"column\" data-settings=\"{&quot;background_background&quot;:&quot;classic&quot;}\">\n\t\t\t<div class=\"elementor-widget-wrap elementor-element-populated\">\n\t\t\t\t\t\t<div class=\"elementor-element elementor-element-7951268 elementor-widget elementor-widget-text-editor\" data-id=\"7951268\" data-element_type=\"widget\" data-e-type=\"widget\" data-widget_type=\"text-editor.default\">\n\t\t\t\t<div class=\"elementor-widget-container\">\n\t\t\t\t\t\t\t\t\t<h4>March\u00e9 noctures<\/h4><p>Organis\u00e9s chaque lundi soir du mois de juillet et d\u2019ao\u00fbt. La pr\u00e9paration de la restauration se fait sur place avec des produits locaux (magret de canard, foies gras, etc.) suivi d\u2019une ambiance musicale.<\/p><p>Les alentours de Montignac se pr\u00eatent \u00e0 merveille pour des promenades \u00e0 la journ\u00e9e. Voici une s\u00e9lection des nombreuses possibilit\u00e9s:<\/p>\t\t\t\t\t\t\t\t<\/div>\n\t\t\t\t<\/div>\n\t\t\t\t\t<\/div>\n\t\t<\/div>\n\t\t\t\t\t<\/div>\n\t\t<\/section>\n\t\t\t\t<section class=\"elementor-section elementor-top-section elementor-element elementor-element-71a733d elementor-section-boxed elementor-section-height-default elementor-section-height-default\" data-id=\"71a733d\" data-element_type=\"section\" data-e-type=\"section\">\n\t\t\t\t\t\t<div class=\"elementor-container elementor-column-gap-default\">\n\t\t\t\t\t<div class=\"elementor-column elementor-col-100 elementor-top-column elementor-element elementor-element-982377a\" data-id=\"982377a\" data-element_type=\"column\" data-e-type=\"column\">\n\t\t\t<div class=\"elementor-widget-wrap elementor-element-populated\">\n\t\t\t\t\t\t<div class=\"elementor-element elementor-element-0da8339 elementor-widget elementor-widget-heading\" data-id=\"0da8339\" data-element_type=\"widget\" data-e-type=\"widget\" data-widget_type=\"heading.default\">\n\t\t\t\t<div class=\"elementor-widget-container\">\n\t\t\t\t\t<h3 class=\"elementor-heading-title elementor-size-default\">Villes &amp; villages<\/h3>\t\t\t\t<\/div>\n\t\t\t\t<\/div>\n\t\t\t\t\t<\/div>\n\t\t<\/div>\n\t\t\t\t\t<\/div>\n\t\t<\/section>\n\t\t\t\t<section class=\"elementor-section elementor-top-section elementor-element elementor-element-ff01e7c elementor-section-boxed elementor-section-height-default elementor-section-height-default\" data-id=\"ff01e7c\" data-element_type=\"section\" data-e-type=\"section\">\n\t\t\t\t\t\t<div class=\"elementor-container elementor-column-gap-default\">\n\t\t\t\t\t<div class=\"elementor-column elementor-col-66 elementor-top-column elementor-element elementor-element-3dd26fd\" data-id=\"3dd26fd\" data-element_type=\"column\" data-e-type=\"column\">\n\t\t\t<div class=\"elementor-widget-wrap elementor-element-populated\">\n\t\t\t\t\t\t<div class=\"elementor-element elementor-element-5c0f46b elementor-widget elementor-widget-text-editor\" data-id=\"5c0f46b\" data-element_type=\"widget\" data-e-type=\"widget\" data-widget_type=\"text-editor.default\">\n\t\t\t\t<div class=\"elementor-widget-container\">\n\t\t\t\t\t\t\t\t\t<h4>Sarlat<\/h4><p>Sarlat se situe \u00e0 30 km de la Penoterie. Un centre touristique, nomm\u00e9 la perle du P\u00e9rigord. Sarlat se caract\u00e9rise par ses petites rues, ses belles places et son choix de curiosit\u00e9s. Jour du march\u00e9: le samedi.<\/p><h4>Perigueux<\/h4><p>Perigueux a un tr\u00e8s beau centre-ville m\u00e9di\u00e9val avec des rues \u00e9troites et belles boutiques. Beaucoup de vitrines m\u00e9ritent le coup d\u2019oeil. Jours du march\u00e9: mercredi et samedi. Chaque weekend de juillet et ao\u00fbt des concerts de jazz y sont organis\u00e9s.<\/p><h4>Terrasson<\/h4><p>Une petite ville au bord de la V\u00e9z\u00e8re. En dehors de la vieille ville, situ\u00e9e \u00e0 flanc de colline, se trouve une zone d\u2019activit\u00e9 avec divers magasins. Le march\u00e9 hebdomadaire est le jeudi matin. Pr\u00e8s de Terrasson il y a de tr\u00e8s beaux jardins \u00e0 visiter, nomm\u00e9s \u201cLes Jardins de l\u2019imaginaire\u201d.<\/p><h4>Brive<\/h4><p>Brive, chef-lieu du d\u00e9partement Corr\u00e8ze. Une ville sympathique avec des belles boutiques et terrasses et bistro agr\u00e9ables.<\/p>\t\t\t\t\t\t\t\t<\/div>\n\t\t\t\t<\/div>\n\t\t\t\t\t<\/div>\n\t\t<\/div>\n\t\t\t\t<div class=\"elementor-column elementor-col-33 elementor-top-column elementor-element elementor-element-f5d1b57\" data-id=\"f5d1b57\" data-element_type=\"column\" data-e-type=\"column\" data-settings=\"{&quot;background_background&quot;:&quot;classic&quot;}\">\n\t\t\t<div class=\"elementor-widget-wrap elementor-element-populated\">\n\t\t\t\t\t\t<div class=\"elementor-element elementor-element-3494e9a elementor-widget elementor-widget-image\" data-id=\"3494e9a\" data-element_type=\"widget\" data-e-type=\"widget\" data-widget_type=\"image.default\">\n\t\t\t\t<div class=\"elementor-widget-container\">\n\t\t\t\t\t\t\t\t\t\t\t\t\t\t\t<img decoding=\"async\" width=\"600\" height=\"431\" src=\"https:\/\/www.lapenoterie-dordogne.com\/wp-content\/uploads\/Perigueux-2.jpg\" class=\"attachment-large size-large wp-image-1670\" alt=\"Perigueux\" srcset=\"https:\/\/www.lapenoterie-dordogne.com\/wp-content\/uploads\/Perigueux-2.jpg 600w, https:\/\/www.lapenoterie-dordogne.com\/wp-content\/uploads\/Perigueux-2-487x350.jpg 487w\" sizes=\"(max-width: 600px) 100vw, 600px\" \/>\t\t\t\t\t\t\t\t\t\t\t\t\t\t\t<\/div>\n\t\t\t\t<\/div>\n\t\t\t\t<div class=\"elementor-element elementor-element-f576d35 elementor-widget elementor-widget-image\" data-id=\"f576d35\" data-element_type=\"widget\" data-e-type=\"widget\" data-widget_type=\"image.default\">\n\t\t\t\t<div class=\"elementor-widget-container\">\n\t\t\t\t\t\t\t\t\t\t\t\t\t\t\t<img decoding=\"async\" width=\"800\" height=\"533\" src=\"https:\/\/www.lapenoterie-dordogne.com\/wp-content\/uploads\/les-jardins-de-l-imaginaire-terrasson.jpg\" class=\"attachment-large size-large wp-image-592\" alt=\"Terrassons\" srcset=\"https:\/\/www.lapenoterie-dordogne.com\/wp-content\/uploads\/les-jardins-de-l-imaginaire-terrasson.jpg 800w, https:\/\/www.lapenoterie-dordogne.com\/wp-content\/uploads\/les-jardins-de-l-imaginaire-terrasson-500x333.jpg 500w, https:\/\/www.lapenoterie-dordogne.com\/wp-content\/uploads\/les-jardins-de-l-imaginaire-terrasson-768x512.jpg 768w\" sizes=\"(max-width: 800px) 100vw, 800px\" \/>\t\t\t\t\t\t\t\t\t\t\t\t\t\t\t<\/div>\n\t\t\t\t<\/div>\n\t\t\t\t\t<\/div>\n\t\t<\/div>\n\t\t\t\t\t<\/div>\n\t\t<\/section>\n\t\t\t\t<section class=\"elementor-section elementor-top-section elementor-element elementor-element-df745ec elementor-section-boxed elementor-section-height-default elementor-section-height-default\" data-id=\"df745ec\" data-element_type=\"section\" data-e-type=\"section\">\n\t\t\t\t\t\t<div class=\"elementor-container elementor-column-gap-default\">\n\t\t\t\t\t<div class=\"elementor-column elementor-col-100 elementor-top-column elementor-element elementor-element-63ace12\" data-id=\"63ace12\" data-element_type=\"column\" data-e-type=\"column\">\n\t\t\t<div class=\"elementor-widget-wrap elementor-element-populated\">\n\t\t\t\t\t\t<div class=\"elementor-element elementor-element-e4ddc0a elementor-widget elementor-widget-heading\" data-id=\"e4ddc0a\" data-element_type=\"widget\" data-e-type=\"widget\" data-widget_type=\"heading.default\">\n\t\t\t\t<div class=\"elementor-widget-container\">\n\t\t\t\t\t<h3 class=\"elementor-heading-title elementor-size-default\">Randonn\u00e9e, cano\u00eb, v\u00e9lo, tennis, golfe, cheval, piscine<\/h3>\t\t\t\t<\/div>\n\t\t\t\t<\/div>\n\t\t\t\t\t<\/div>\n\t\t<\/div>\n\t\t\t\t\t<\/div>\n\t\t<\/section>\n\t\t\t\t<section class=\"elementor-section elementor-top-section elementor-element elementor-element-d86f1ac elementor-section-boxed elementor-section-height-default elementor-section-height-default\" data-id=\"d86f1ac\" data-element_type=\"section\" data-e-type=\"section\">\n\t\t\t\t\t\t<div class=\"elementor-container elementor-column-gap-default\">\n\t\t\t\t\t<div class=\"elementor-column elementor-col-66 elementor-top-column elementor-element elementor-element-da0f3a8\" data-id=\"da0f3a8\" data-element_type=\"column\" data-e-type=\"column\">\n\t\t\t<div class=\"elementor-widget-wrap elementor-element-populated\">\n\t\t\t\t\t\t<div class=\"elementor-element elementor-element-484272f elementor-widget elementor-widget-text-editor\" data-id=\"484272f\" data-element_type=\"widget\" data-e-type=\"widget\" data-widget_type=\"text-editor.default\">\n\t\t\t\t<div class=\"elementor-widget-container\">\n\t\t\t\t\t\t\t\t\t<h4>Randonn\u00e9e<\/h4><p>La Penoterie est un point de d\u00e9part parfait pour faire de la randonn\u00e9e. Au d\u00e9part de votre g\u00eete vous \u00eates directement dans la nature. Il y a divers parcours de randonn\u00e9es dans notre secteur, avec des paysages vari\u00e9s et des points de vue \u00e0 couper le souffle.<\/p><h4>Cano\u00eb<\/h4><p>A Montignac il y a diverses locations de cano\u00eb. La V\u00e9z\u00e8re est une rivi\u00e8re avec un courant tranquille, qui coule le long de ch\u00e2teaux, villes et villages agr\u00e9ables. Vous pouvez opter pour diff\u00e9rentes descentes.<\/p><p>Une des sorties \u00e0 recommander va vers St L\u00e9on sur V\u00e9z\u00e8re. Un joli village o\u00f9 vous pouvez pique-niquer au bord de l\u2019eau. Sur la place du village il y a plusieurs terrasses et restaurants.<\/p>\t\t\t\t\t\t\t\t<\/div>\n\t\t\t\t<\/div>\n\t\t\t\t<div class=\"elementor-element elementor-element-aa037e5 elementor-widget elementor-widget-image\" data-id=\"aa037e5\" data-element_type=\"widget\" data-e-type=\"widget\" data-widget_type=\"image.default\">\n\t\t\t\t<div class=\"elementor-widget-container\">\n\t\t\t\t\t\t\t\t\t\t\t\t\t\t\t<img loading=\"lazy\" decoding=\"async\" width=\"600\" height=\"400\" src=\"https:\/\/www.lapenoterie-dordogne.com\/wp-content\/uploads\/dordogne-vallei.jpg\" class=\"attachment-large size-large wp-image-1652\" alt=\"Vallei Dordogne\" srcset=\"https:\/\/www.lapenoterie-dordogne.com\/wp-content\/uploads\/dordogne-vallei.jpg 600w, https:\/\/www.lapenoterie-dordogne.com\/wp-content\/uploads\/dordogne-vallei-500x333.jpg 500w\" sizes=\"(max-width: 600px) 100vw, 600px\" \/>\t\t\t\t\t\t\t\t\t\t\t\t\t\t\t<\/div>\n\t\t\t\t<\/div>\n\t\t\t\t\t<\/div>\n\t\t<\/div>\n\t\t\t\t<div class=\"elementor-column elementor-col-33 elementor-top-column elementor-element elementor-element-36ffb8a\" data-id=\"36ffb8a\" data-element_type=\"column\" data-e-type=\"column\" data-settings=\"{&quot;background_background&quot;:&quot;classic&quot;}\">\n\t\t\t<div class=\"elementor-widget-wrap elementor-element-populated\">\n\t\t\t\t\t\t<div class=\"elementor-element elementor-element-71abac7 elementor-widget elementor-widget-image\" data-id=\"71abac7\" data-element_type=\"widget\" data-e-type=\"widget\" data-widget_type=\"image.default\">\n\t\t\t\t<div class=\"elementor-widget-container\">\n\t\t\t\t\t\t\t\t\t\t\t\t\t\t\t<img loading=\"lazy\" decoding=\"async\" width=\"600\" height=\"559\" src=\"https:\/\/www.lapenoterie-dordogne.com\/wp-content\/uploads\/wandelroutes-omgeving.jpg\" class=\"attachment-large size-large wp-image-632\" alt=\"Wandelroutes in de omgeving\" srcset=\"https:\/\/www.lapenoterie-dordogne.com\/wp-content\/uploads\/wandelroutes-omgeving.jpg 600w, https:\/\/www.lapenoterie-dordogne.com\/wp-content\/uploads\/wandelroutes-omgeving-376x350.jpg 376w\" sizes=\"(max-width: 600px) 100vw, 600px\" \/>\t\t\t\t\t\t\t\t\t\t\t\t\t\t\t<\/div>\n\t\t\t\t<\/div>\n\t\t\t\t<div class=\"elementor-element elementor-element-33d30f7 elementor-widget elementor-widget-image\" data-id=\"33d30f7\" data-element_type=\"widget\" data-e-type=\"widget\" data-widget_type=\"image.default\">\n\t\t\t\t<div class=\"elementor-widget-container\">\n\t\t\t\t\t\t\t\t\t\t\t\t\t\t\t<img loading=\"lazy\" decoding=\"async\" width=\"600\" height=\"298\" src=\"https:\/\/www.lapenoterie-dordogne.com\/wp-content\/uploads\/wandelen.jpg\" class=\"attachment-large size-large wp-image-1647\" alt=\"\" srcset=\"https:\/\/www.lapenoterie-dordogne.com\/wp-content\/uploads\/wandelen.jpg 600w, https:\/\/www.lapenoterie-dordogne.com\/wp-content\/uploads\/wandelen-500x248.jpg 500w\" sizes=\"(max-width: 600px) 100vw, 600px\" \/>\t\t\t\t\t\t\t\t\t\t\t\t\t\t\t<\/div>\n\t\t\t\t<\/div>\n\t\t\t\t\t<\/div>\n\t\t<\/div>\n\t\t\t\t\t<\/div>\n\t\t<\/section>\n\t\t\t\t<section class=\"elementor-section elementor-top-section elementor-element elementor-element-271c9b6 elementor-section-boxed elementor-section-height-default elementor-section-height-default\" data-id=\"271c9b6\" data-element_type=\"section\" data-e-type=\"section\">\n\t\t\t\t\t\t<div class=\"elementor-container elementor-column-gap-default\">\n\t\t\t\t\t<div class=\"elementor-column elementor-col-66 elementor-top-column elementor-element elementor-element-b28e199\" data-id=\"b28e199\" data-element_type=\"column\" data-e-type=\"column\">\n\t\t\t<div class=\"elementor-widget-wrap elementor-element-populated\">\n\t\t\t\t\t\t<div class=\"elementor-element elementor-element-d1ec893 elementor-widget elementor-widget-image\" data-id=\"d1ec893\" data-element_type=\"widget\" data-e-type=\"widget\" data-widget_type=\"image.default\">\n\t\t\t\t<div class=\"elementor-widget-container\">\n\t\t\t\t\t\t\t\t\t\t\t\t\t\t\t<img loading=\"lazy\" decoding=\"async\" width=\"800\" height=\"600\" src=\"https:\/\/www.lapenoterie-dordogne.com\/wp-content\/uploads\/fietsen-fietsroute-lapenoterie-dordogne.jpg\" class=\"attachment-large size-large wp-image-636\" alt=\"Fietsen in de omgeving in de Dordogne\" srcset=\"https:\/\/www.lapenoterie-dordogne.com\/wp-content\/uploads\/fietsen-fietsroute-lapenoterie-dordogne.jpg 900w, https:\/\/www.lapenoterie-dordogne.com\/wp-content\/uploads\/fietsen-fietsroute-lapenoterie-dordogne-467x350.jpg 467w, https:\/\/www.lapenoterie-dordogne.com\/wp-content\/uploads\/fietsen-fietsroute-lapenoterie-dordogne-768x576.jpg 768w\" sizes=\"(max-width: 800px) 100vw, 800px\" \/>\t\t\t\t\t\t\t\t\t\t\t\t\t\t\t<\/div>\n\t\t\t\t<\/div>\n\t\t\t\t\t<\/div>\n\t\t<\/div>\n\t\t\t\t<div class=\"elementor-column elementor-col-33 elementor-top-column elementor-element elementor-element-72cb6a8\" data-id=\"72cb6a8\" data-element_type=\"column\" data-e-type=\"column\" data-settings=\"{&quot;background_background&quot;:&quot;classic&quot;}\">\n\t\t\t<div class=\"elementor-widget-wrap elementor-element-populated\">\n\t\t\t\t\t\t<div class=\"elementor-element elementor-element-56f0e9b elementor-widget elementor-widget-text-editor\" data-id=\"56f0e9b\" data-element_type=\"widget\" data-e-type=\"widget\" data-widget_type=\"text-editor.default\">\n\t\t\t\t<div class=\"elementor-widget-container\">\n\t\t\t\t\t\t\t\t\t<h4>V\u00e9lo<\/h4><p>Les cyclistes entra\u00een\u00e9s peuvent ici se r\u00e9galer: de tr\u00e8s jolies routes, avec de nombreux d\u00e9nivel\u00e9s, vous m\u00e8nent \u00e0 travers de magnifiques paysages et villages authentiques.<\/p><h4>Tennis<\/h4><p>A Montignac il y a un tennis municipal o\u00f9 vous pouvez r\u00e9server \u00e0 l\u2019avance un court.<\/p><h4>Golf<\/h4><p>Dans un rayon de 45 km vous trouvez quatre terrains de golf (18 trous). Voir le plan sur <a href=\"https:\/\/www.golf-dordogne-perigord.com\" target=\"_blank\" rel=\"noopener\">www.golf-dordogne-perigord.com<\/a>.<\/p>\t\t\t\t\t\t\t\t<\/div>\n\t\t\t\t<\/div>\n\t\t\t\t\t<\/div>\n\t\t<\/div>\n\t\t\t\t\t<\/div>\n\t\t<\/section>\n\t\t\t\t<section class=\"elementor-section elementor-top-section elementor-element elementor-element-9dff915 elementor-section-boxed elementor-section-height-default elementor-section-height-default\" data-id=\"9dff915\" data-element_type=\"section\" data-e-type=\"section\">\n\t\t\t\t\t\t<div class=\"elementor-container elementor-column-gap-default\">\n\t\t\t\t\t<div class=\"elementor-column elementor-col-66 elementor-top-column elementor-element elementor-element-3fd6205\" data-id=\"3fd6205\" data-element_type=\"column\" data-e-type=\"column\">\n\t\t\t<div class=\"elementor-widget-wrap elementor-element-populated\">\n\t\t\t\t\t\t<div class=\"elementor-element elementor-element-a3a7aa3 elementor-widget elementor-widget-text-editor\" data-id=\"a3a7aa3\" data-element_type=\"widget\" data-e-type=\"widget\" data-widget_type=\"text-editor.default\">\n\t\t\t\t<div class=\"elementor-widget-container\">\n\t\t\t\t\t\t\t\t\t<h4>Randonn\u00e9e \u00e9questre<\/h4><p>A Tourtoirac (\u00e0 35 km de la Penoterie) se trouve un centre \u00e9questre. Il propose diverses possibilit\u00e9s aussi bien pour le d\u00e9butant, que pour le cavalier exp\u00e9riment\u00e9.<\/p><h4>Baignade<\/h4><p>Dans les alentours de la Penoterie il y a diff\u00e9rentes possibilit\u00e9s de baignade. Il y a une piscine municipale \u00e0 Montignac, \u00e0 St L\u00e9on il y a une petite plage au bord de la V\u00e9z\u00e8re, \u00e0 Tamni\u00e9s (20 m) il y a un lac. Un peu plus loin, \u00e0 Rouffignac il y a un grand plan d\u2019eau de loisirs.<\/p>\t\t\t\t\t\t\t\t<\/div>\n\t\t\t\t<\/div>\n\t\t\t\t\t<\/div>\n\t\t<\/div>\n\t\t\t\t<div class=\"elementor-column elementor-col-33 elementor-top-column elementor-element elementor-element-977352d\" data-id=\"977352d\" data-element_type=\"column\" data-e-type=\"column\" data-settings=\"{&quot;background_background&quot;:&quot;classic&quot;}\">\n\t\t\t<div class=\"elementor-widget-wrap elementor-element-populated\">\n\t\t\t\t\t\t<div class=\"elementor-element elementor-element-78d00a5 elementor-widget elementor-widget-image\" data-id=\"78d00a5\" data-element_type=\"widget\" data-e-type=\"widget\" data-widget_type=\"image.default\">\n\t\t\t\t<div class=\"elementor-widget-container\">\n\t\t\t\t\t\t\t\t\t\t\t\t\t\t\t<img loading=\"lazy\" decoding=\"async\" width=\"350\" height=\"262\" src=\"https:\/\/www.lapenoterie-dordogne.com\/wp-content\/uploads\/kano.jpg\" class=\"attachment-large size-large wp-image-618\" alt=\"In Montignac zijn diverse kano-verhuurbedrijven te vinden\" \/>\t\t\t\t\t\t\t\t\t\t\t\t\t\t\t<\/div>\n\t\t\t\t<\/div>\n\t\t\t\t\t<\/div>\n\t\t<\/div>\n\t\t\t\t\t<\/div>\n\t\t<\/section>\n\t\t\t\t<section class=\"elementor-section elementor-top-section elementor-element elementor-element-895b75a elementor-section-boxed elementor-section-height-default elementor-section-height-default\" data-id=\"895b75a\" data-element_type=\"section\" data-e-type=\"section\">\n\t\t\t\t\t\t<div class=\"elementor-container elementor-column-gap-default\">\n\t\t\t\t\t<div class=\"elementor-column elementor-col-100 elementor-top-column elementor-element elementor-element-ce22892\" data-id=\"ce22892\" data-element_type=\"column\" data-e-type=\"column\">\n\t\t\t<div class=\"elementor-widget-wrap elementor-element-populated\">\n\t\t\t\t\t\t<div class=\"elementor-element elementor-element-1838225 elementor-widget elementor-widget-heading\" data-id=\"1838225\" data-element_type=\"widget\" data-e-type=\"widget\" data-widget_type=\"heading.default\">\n\t\t\t\t<div class=\"elementor-widget-container\">\n\t\t\t\t\t<h3 class=\"elementor-heading-title elementor-size-default\">Brocante, antiquit\u00e9s et vide-greniers<\/h3>\t\t\t\t<\/div>\n\t\t\t\t<\/div>\n\t\t\t\t\t<\/div>\n\t\t<\/div>\n\t\t\t\t\t<\/div>\n\t\t<\/section>\n\t\t\t\t<section class=\"elementor-section elementor-top-section elementor-element elementor-element-aa7e803 elementor-section-boxed elementor-section-height-default elementor-section-height-default\" data-id=\"aa7e803\" data-element_type=\"section\" data-e-type=\"section\">\n\t\t\t\t\t\t<div class=\"elementor-container elementor-column-gap-default\">\n\t\t\t\t\t<div class=\"elementor-column elementor-col-66 elementor-top-column elementor-element elementor-element-400b7c6\" data-id=\"400b7c6\" data-element_type=\"column\" data-e-type=\"column\">\n\t\t\t<div class=\"elementor-widget-wrap elementor-element-populated\">\n\t\t\t\t\t\t<div class=\"elementor-element elementor-element-fb5e5e7 elementor-widget elementor-widget-text-editor\" data-id=\"fb5e5e7\" data-element_type=\"widget\" data-e-type=\"widget\" data-widget_type=\"text-editor.default\">\n\t\t\t\t<div class=\"elementor-widget-container\">\n\t\t\t\t\t\t\t\t\t<p>Dans nos environs s\u2019organisent beaucoup de brocantes et vide-greniers. Parfois on peut y faire de belles trouvailles, mais il y a toujours une bonne ambiance.<\/p><p>Vous trouvez l\u2019agenda des vide-greniers sur le lien ci-dessous: <a href=\"https:\/\/vide-greniers.org\/24-Dordogne\" target=\"_blank\" rel=\"noopener\">vide grenier-markten<\/a><\/p>\t\t\t\t\t\t\t\t<\/div>\n\t\t\t\t<\/div>\n\t\t\t\t\t<\/div>\n\t\t<\/div>\n\t\t\t\t<div class=\"elementor-column elementor-col-33 elementor-top-column elementor-element elementor-element-8afe89c\" data-id=\"8afe89c\" data-element_type=\"column\" data-e-type=\"column\" data-settings=\"{&quot;background_background&quot;:&quot;classic&quot;}\">\n\t\t\t<div class=\"elementor-widget-wrap elementor-element-populated\">\n\t\t\t\t\t\t<div class=\"elementor-element elementor-element-4888037 elementor-widget elementor-widget-image\" data-id=\"4888037\" data-element_type=\"widget\" data-e-type=\"widget\" data-widget_type=\"image.default\">\n\t\t\t\t<div class=\"elementor-widget-container\">\n\t\t\t\t\t\t\t\t\t\t\t\t\t\t\t<img loading=\"lazy\" decoding=\"async\" width=\"350\" height=\"249\" src=\"https:\/\/www.lapenoterie-dordogne.com\/wp-content\/uploads\/vide-grenier.jpg\" class=\"attachment-large size-large wp-image-662\" alt=\"Vide grenier\" \/>\t\t\t\t\t\t\t\t\t\t\t\t\t\t\t<\/div>\n\t\t\t\t<\/div>\n\t\t\t\t\t<\/div>\n\t\t<\/div>\n\t\t\t\t\t<\/div>\n\t\t<\/section>\n\t\t\t\t<section class=\"elementor-section elementor-top-section elementor-element elementor-element-36e9d61 elementor-section-boxed elementor-section-height-default elementor-section-height-default\" data-id=\"36e9d61\" data-element_type=\"section\" data-e-type=\"section\">\n\t\t\t\t\t\t<div class=\"elementor-container elementor-column-gap-default\">\n\t\t\t\t\t<div class=\"elementor-column elementor-col-100 elementor-top-column elementor-element elementor-element-87f8483\" data-id=\"87f8483\" data-element_type=\"column\" data-e-type=\"column\">\n\t\t\t<div class=\"elementor-widget-wrap elementor-element-populated\">\n\t\t\t\t\t\t<div class=\"elementor-element elementor-element-61dcb4b elementor-widget elementor-widget-heading\" data-id=\"61dcb4b\" data-element_type=\"widget\" data-e-type=\"widget\" data-widget_type=\"heading.default\">\n\t\t\t\t<div class=\"elementor-widget-container\">\n\t\t\t\t\t<h3 class=\"elementor-heading-title elementor-size-default\">Culture et histoire<\/h3>\t\t\t\t<\/div>\n\t\t\t\t<\/div>\n\t\t\t\t\t<\/div>\n\t\t<\/div>\n\t\t\t\t\t<\/div>\n\t\t<\/section>\n\t\t\t\t<section class=\"elementor-section elementor-top-section elementor-element elementor-element-a8d6b4d elementor-section-boxed elementor-section-height-default elementor-section-height-default\" data-id=\"a8d6b4d\" data-element_type=\"section\" data-e-type=\"section\">\n\t\t\t\t\t\t<div class=\"elementor-container elementor-column-gap-default\">\n\t\t\t\t\t<div class=\"elementor-column elementor-col-100 elementor-top-column elementor-element elementor-element-13d5727\" data-id=\"13d5727\" data-element_type=\"column\" data-e-type=\"column\">\n\t\t\t<div class=\"elementor-widget-wrap elementor-element-populated\">\n\t\t\t\t\t\t<div class=\"elementor-element elementor-element-d7974c8 elementor-widget elementor-widget-text-editor\" data-id=\"d7974c8\" data-element_type=\"widget\" data-e-type=\"widget\" data-widget_type=\"text-editor.default\">\n\t\t\t\t<div class=\"elementor-widget-container\">\n\t\t\t\t\t\t\t\t\t<p>Le Perigord Noir est un lieu merveilleux, o\u00f9 l\u2019histoire remonte loin. Comme vous le savez, il y a beaucoup de d\u00e9couvertes pr\u00e9historiques faites dans notre r\u00e9gion. Beaucoup de grottes m\u00e9ritent une visite, dont les fameuses grottes de Lascaux \u00e0 Montignac. D\u2019autres curiosit\u00e9s dans les alentours sont:<\/p>\t\t\t\t\t\t\t\t<\/div>\n\t\t\t\t<\/div>\n\t\t\t\t\t<\/div>\n\t\t<\/div>\n\t\t\t\t\t<\/div>\n\t\t<\/section>\n\t\t\t\t<section class=\"elementor-section elementor-top-section elementor-element elementor-element-441be88 elementor-section-boxed elementor-section-height-default elementor-section-height-default\" data-id=\"441be88\" data-element_type=\"section\" data-e-type=\"section\">\n\t\t\t\t\t\t<div class=\"elementor-container elementor-column-gap-default\">\n\t\t\t\t\t<div class=\"elementor-column elementor-col-100 elementor-top-column elementor-element elementor-element-a87cd89\" data-id=\"a87cd89\" data-element_type=\"column\" data-e-type=\"column\">\n\t\t\t<div class=\"elementor-widget-wrap elementor-element-populated\">\n\t\t\t\t\t\t<div class=\"elementor-element elementor-element-ac5cae8 elementor-widget elementor-widget-text-editor\" data-id=\"ac5cae8\" data-element_type=\"widget\" data-e-type=\"widget\" data-widget_type=\"text-editor.default\">\n\t\t\t\t<div class=\"elementor-widget-container\">\n\t\t\t\t\t\t\t\t\t<h4>La Roque Saint- Christophe<\/h4><p>\u00c0 mi-chemin entre les Eyzies et Montignac, dans l\u2019un des plus beaux paysages du P\u00e9rigord, s\u2019\u00e9l\u00e8ve en \u00e0 pic sur la V\u00e9z\u00e8re l\u2019\u00e9norme falaise de la Roque Saint-Christophe. Ces cavit\u00e9s naturelles ont \u00e9t\u00e9 occup\u00e9es par l\u2019homme \u00e0 la Pr\u00e9histoire (-55.000 ans). Une des terrasses offre une vue \u00e9poustouflante sur la vall\u00e9e de la V\u00e9z\u00e8re, class\u00e9e Patrimoine de l\u2019Humanit\u00e9 par l\u2019UNESCO.<\/p><h4>St Amand de Coly<\/h4><p>Un tr\u00e8s joli village avec son abbatiale du XIIe si\u00e8cle, consid\u00e9r\u00e9 comme la plus belle \u00e9glise fortifi\u00e9e du P\u00e9rigord. Au cours de l\u2019\u00e9t\u00e9 des concerts y sont souvent organis\u00e9s. Au mois de juillet et ao\u00fbt il y a le march\u00e9 des producteurs chaque mardi soir.<\/p><h4>Chateau des Milandes<\/h4><p>Zeker een bezoek waard. Een klein kasteel waar Josephine Baker heeft gewoond. Haar levensverhaal is indrukwekkend en is bijna voelbaar tijdens het bezoek.<\/p><h4>Chateau de Losse<\/h4><p>Ce ch\u00e2teau du XVIe si\u00e8cle, b\u00e2ti en \u00e0 pic, ce qui est une vue impressionnante, \u00e9galement vu d\u2019un cano\u00eb. Ce ch\u00e2teau \u00e9tait la demeure de Jean II de Losse et renferme un exceptionnel d\u00e9cor et mobilier du 16<sup>e<\/sup> et 17<sup>e<\/sup> si\u00e8cles. Les jardins et terrasse vous laisseront un souvenir de parfaite harmonie.<\/p>\t\t\t\t\t\t\t\t<\/div>\n\t\t\t\t<\/div>\n\t\t\t\t\t<\/div>\n\t\t<\/div>\n\t\t\t\t\t<\/div>\n\t\t<\/section>\n\t\t\t\t<section class=\"elementor-section elementor-top-section elementor-element elementor-element-feb32e0 elementor-section-boxed elementor-section-height-default elementor-section-height-default\" data-id=\"feb32e0\" data-element_type=\"section\" data-e-type=\"section\">\n\t\t\t\t\t\t<div class=\"elementor-container elementor-column-gap-default\">\n\t\t\t\t\t<div class=\"elementor-column elementor-col-33 elementor-top-column elementor-element elementor-element-20d82e9\" data-id=\"20d82e9\" data-element_type=\"column\" data-e-type=\"column\">\n\t\t\t<div class=\"elementor-widget-wrap elementor-element-populated\">\n\t\t\t\t\t\t<div class=\"elementor-element elementor-element-ded53ae elementor-widget elementor-widget-image\" data-id=\"ded53ae\" data-element_type=\"widget\" data-e-type=\"widget\" data-widget_type=\"image.default\">\n\t\t\t\t<div class=\"elementor-widget-container\">\n\t\t\t\t\t\t\t\t\t\t\t\t\t\t\t<img loading=\"lazy\" decoding=\"async\" width=\"600\" height=\"400\" src=\"https:\/\/www.lapenoterie-dordogne.com\/wp-content\/uploads\/marquessac.jpg\" class=\"attachment-large size-large wp-image-1640\" alt=\"Jardins de Margueyssac\" srcset=\"https:\/\/www.lapenoterie-dordogne.com\/wp-content\/uploads\/marquessac.jpg 600w, https:\/\/www.lapenoterie-dordogne.com\/wp-content\/uploads\/marquessac-500x333.jpg 500w\" sizes=\"(max-width: 600px) 100vw, 600px\" \/>\t\t\t\t\t\t\t\t\t\t\t\t\t\t\t<\/div>\n\t\t\t\t<\/div>\n\t\t\t\t\t<\/div>\n\t\t<\/div>\n\t\t\t\t<div class=\"elementor-column elementor-col-66 elementor-top-column elementor-element elementor-element-2312619\" data-id=\"2312619\" data-element_type=\"column\" data-e-type=\"column\">\n\t\t\t<div class=\"elementor-widget-wrap elementor-element-populated\">\n\t\t\t\t\t\t<div class=\"elementor-element elementor-element-2bd1176 elementor-widget elementor-widget-text-editor\" data-id=\"2bd1176\" data-element_type=\"widget\" data-e-type=\"widget\" data-widget_type=\"text-editor.default\">\n\t\t\t\t<div class=\"elementor-widget-container\">\n\t\t\t\t\t\t\t\t\t<h4>Jardins de Margueyssac<\/h4><p>Prachtige tuinen met Buxus (foto ), gelegen bij een kasteel. Bij de tuinen hoort een landgoed waar een prachtige wandeling te maken is. Het uitzicht over de rivier de Dordogne is prachtig en er wordt een goede lunch geserveerd.<\/p>\t\t\t\t\t\t\t\t<\/div>\n\t\t\t\t<\/div>\n\t\t\t\t\t<\/div>\n\t\t<\/div>\n\t\t\t\t\t<\/div>\n\t\t<\/section>\n\t\t\t\t<section class=\"elementor-section elementor-top-section elementor-element elementor-element-34cee30 elementor-section-boxed elementor-section-height-default elementor-section-height-default\" data-id=\"34cee30\" data-element_type=\"section\" data-e-type=\"section\">\n\t\t\t\t\t\t<div class=\"elementor-container elementor-column-gap-default\">\n\t\t\t\t\t<div class=\"elementor-column elementor-col-66 elementor-top-column elementor-element elementor-element-933f263\" data-id=\"933f263\" data-element_type=\"column\" data-e-type=\"column\">\n\t\t\t<div class=\"elementor-widget-wrap elementor-element-populated\">\n\t\t\t\t\t\t<div class=\"elementor-element elementor-element-6e47148 elementor-widget elementor-widget-text-editor\" data-id=\"6e47148\" data-element_type=\"widget\" data-e-type=\"widget\" data-widget_type=\"text-editor.default\">\n\t\t\t\t<div class=\"elementor-widget-container\">\n\t\t\t\t\t\t\t\t\t<h4>Castelnaud<\/h4><p>Een prachtig kasteel uit de Middeleeuwen met een adembenemend uitzicht over de rivier de Dordogne.<\/p><h4>Jardins de Eyrignac<\/h4><p>Een park met verschillende tuinen. Een aanrader voor de tuinenliefhebber. In de zomermaanden worden er in de avond picknicks met muziek georganiseerd waarbij de gasten verzocht wordt om in het wit gekleed te gaan.<\/p><h4>Chateau de Hautefort<\/h4><p>Un ch\u00e2teau impressionnant, situ\u00e9 en haut d\u2019un piton, offre une vue magnifique sur ses beaux jardins.<\/p><h4>Le Thot<\/h4><p>Espace Cro-Magnon. Animaux et art de la Pr\u00e9histoire dans un m\u00eame lieu, pour toute la famille.<\/p>\t\t\t\t\t\t\t\t<\/div>\n\t\t\t\t<\/div>\n\t\t\t\t\t<\/div>\n\t\t<\/div>\n\t\t\t\t<div class=\"elementor-column elementor-col-33 elementor-top-column elementor-element elementor-element-e24f808\" data-id=\"e24f808\" data-element_type=\"column\" data-e-type=\"column\">\n\t\t\t<div class=\"elementor-widget-wrap elementor-element-populated\">\n\t\t\t\t\t\t<div class=\"elementor-element elementor-element-2de46eb elementor-widget elementor-widget-image\" data-id=\"2de46eb\" data-element_type=\"widget\" data-e-type=\"widget\" data-widget_type=\"image.default\">\n\t\t\t\t<div class=\"elementor-widget-container\">\n\t\t\t\t\t\t\t\t\t\t\t\t\t\t\t<img loading=\"lazy\" decoding=\"async\" width=\"533\" height=\"800\" src=\"https:\/\/www.lapenoterie-dordogne.com\/wp-content\/uploads\/castelnauud-533x800.jpg\" class=\"attachment-large size-large wp-image-1635\" alt=\"Castelnaud\" srcset=\"https:\/\/www.lapenoterie-dordogne.com\/wp-content\/uploads\/castelnauud-533x800.jpg 533w, https:\/\/www.lapenoterie-dordogne.com\/wp-content\/uploads\/castelnauud-233x350.jpg 233w, https:\/\/www.lapenoterie-dordogne.com\/wp-content\/uploads\/castelnauud.jpg 600w\" sizes=\"(max-width: 533px) 100vw, 533px\" \/>\t\t\t\t\t\t\t\t\t\t\t\t\t\t\t<\/div>\n\t\t\t\t<\/div>\n\t\t\t\t\t<\/div>\n\t\t<\/div>\n\t\t\t\t\t<\/div>\n\t\t<\/section>\n\t\t\t\t<section class=\"elementor-section elementor-top-section elementor-element elementor-element-886000f elementor-section-boxed elementor-section-height-default elementor-section-height-default\" data-id=\"886000f\" data-element_type=\"section\" data-e-type=\"section\">\n\t\t\t\t\t\t<div class=\"elementor-container elementor-column-gap-default\">\n\t\t\t\t\t<div class=\"elementor-column elementor-col-66 elementor-top-column elementor-element elementor-element-d1d40fa\" data-id=\"d1d40fa\" data-element_type=\"column\" data-e-type=\"column\">\n\t\t\t<div class=\"elementor-widget-wrap elementor-element-populated\">\n\t\t\t\t\t\t<div class=\"elementor-element elementor-element-25a2b70 elementor-widget elementor-widget-image\" data-id=\"25a2b70\" data-element_type=\"widget\" data-e-type=\"widget\" data-widget_type=\"image.default\">\n\t\t\t\t<div class=\"elementor-widget-container\">\n\t\t\t\t\t\t\t\t\t\t\t\t\t\t\t<img loading=\"lazy\" decoding=\"async\" width=\"800\" height=\"600\" src=\"https:\/\/www.lapenoterie-dordogne.com\/wp-content\/uploads\/Lascaux-4-vakantiehuis-lapenoterie-dordognezaal.jpg\" class=\"attachment-large size-large wp-image-1227\" alt=\"\" srcset=\"https:\/\/www.lapenoterie-dordogne.com\/wp-content\/uploads\/Lascaux-4-vakantiehuis-lapenoterie-dordognezaal.jpg 900w, https:\/\/www.lapenoterie-dordogne.com\/wp-content\/uploads\/Lascaux-4-vakantiehuis-lapenoterie-dordognezaal-467x350.jpg 467w, https:\/\/www.lapenoterie-dordogne.com\/wp-content\/uploads\/Lascaux-4-vakantiehuis-lapenoterie-dordognezaal-768x576.jpg 768w\" sizes=\"(max-width: 800px) 100vw, 800px\" \/>\t\t\t\t\t\t\t\t\t\t\t\t\t\t\t<\/div>\n\t\t\t\t<\/div>\n\t\t\t\t\t<\/div>\n\t\t<\/div>\n\t\t\t\t<div class=\"elementor-column elementor-col-33 elementor-top-column elementor-element elementor-element-d0128fe\" data-id=\"d0128fe\" data-element_type=\"column\" data-e-type=\"column\" data-settings=\"{&quot;background_background&quot;:&quot;classic&quot;}\">\n\t\t\t<div class=\"elementor-widget-wrap elementor-element-populated\">\n\t\t\t\t\t\t<div class=\"elementor-element elementor-element-ce02f03 elementor-widget elementor-widget-text-editor\" data-id=\"ce02f03\" data-element_type=\"widget\" data-e-type=\"widget\" data-widget_type=\"text-editor.default\">\n\t\t\t\t<div class=\"elementor-widget-container\">\n\t\t\t\t\t\t\t\t\t<h4>Lascaux<\/h4><p>De trots van ons Montignac. En dat begrijp ik wel.<\/p><p>In 2010 is het nieuwe Lascaux geopend. Een indrukwekkend mooi gebouw dat door een Zweedse architectenbureau is ontworpen.<\/p><p>De grotten zijn een replica van de oorspronkelijke grotten, die te lijden hadden onder het bezoek en daarom gesloten zijn. De geschiedenis van de streek en de grotten wordt mooi in beeld gebracht.<\/p><p>Liefhebbers van grotten kunnen in onze omgeving hun hart ophalen. Er zijn grotten in Rouffignac, Tourtoirac, Villars, Les Eyzies, Domme, Le Bugue en Audrix<\/p>\t\t\t\t\t\t\t\t<\/div>\n\t\t\t\t<\/div>\n\t\t\t\t\t<\/div>\n\t\t<\/div>\n\t\t\t\t\t<\/div>\n\t\t<\/section>\n\t\t\t\t<\/div>\n\t\t","protected":false},"excerpt":{"rendered":"<p>Les alentours Montignac sur V\u00e9z\u00e8re La Penoterie se situe \u00e0 4 kilom\u00e8tres de Montignac sur V\u00e9z\u00e8re, connu pour les Grottes de Lascaux. L\u2019histoire de cette charmante petite ville remonte \u00e0 la pr\u00e9histoire. Une promenade en ville vaut absolument le coup. Toutes les facilit\u00e9s sont pr\u00e9sentes \u00e0 Montignac: M\u00e9decin et pharmacie Bureau de poste Office de [&hellip;]<\/p>\n","protected":false},"author":2,"featured_media":169,"parent":0,"menu_order":0,"comment_status":"closed","ping_status":"closed","template":"","meta":{"footnotes":""},"class_list":["post-1731","page","type-page","status-publish","has-post-thumbnail","hentry"],"yoast_head":"<!-- This site is optimized with the Yoast SEO plugin v28.4 - https:\/\/yoast.com\/product\/yoast-seo-wordpress\/ -->\n<title>Les alentours - La Penoterie Dordogne Gite vakantiehuis in de Dordogne, op een prachtige plek nabij Montignac<\/title>\n<meta name=\"robots\" content=\"index, follow, max-snippet:-1, max-image-preview:large, max-video-preview:-1\" \/>\n<link rel=\"canonical\" href=\"https:\/\/www.lapenoterie-dordogne.com\/fr\/les-alentours\/\" \/>\n<meta property=\"og:locale\" content=\"fr_FR\" \/>\n<meta property=\"og:type\" content=\"article\" \/>\n<meta property=\"og:title\" content=\"Les alentours - La Penoterie Dordogne Gite vakantiehuis in de Dordogne, op een prachtige plek nabij Montignac\" \/>\n<meta property=\"og:description\" content=\"Les alentours Montignac sur V\u00e9z\u00e8re La Penoterie se situe \u00e0 4 kilom\u00e8tres de Montignac sur V\u00e9z\u00e8re, connu pour les Grottes de Lascaux. L\u2019histoire de cette charmante petite ville remonte \u00e0 la pr\u00e9histoire. Une promenade en ville vaut absolument le coup. Toutes les facilit\u00e9s sont pr\u00e9sentes \u00e0 Montignac: M\u00e9decin et pharmacie Bureau de poste Office de [&hellip;]\" \/>\n<meta property=\"og:url\" content=\"https:\/\/www.lapenoterie-dordogne.com\/fr\/les-alentours\/\" \/>\n<meta property=\"og:site_name\" content=\"La Penoterie Dordogne Gite vakantiehuis in de Dordogne, op een prachtige plek nabij Montignac\" \/>\n<meta property=\"article:publisher\" content=\"https:\/\/www.facebook.com\/people\/La-Penoterie-Dordogne\/100057469329295\/\" \/>\n<meta property=\"article:modified_time\" content=\"2022-01-26T17:25:52+00:00\" \/>\n<meta property=\"og:image\" content=\"https:\/\/www.lapenoterie-dordogne.com\/wp-content\/uploads\/markt-in-dordogne.jpg\" \/>\n\t<meta property=\"og:image:width\" content=\"1600\" \/>\n\t<meta property=\"og:image:height\" content=\"770\" \/>\n\t<meta property=\"og:image:type\" content=\"image\/jpeg\" \/>\n<meta name=\"twitter:card\" content=\"summary_large_image\" \/>\n<meta name=\"twitter:label1\" content=\"Dur\u00e9e de lecture estim\u00e9e\" \/>\n\t<meta name=\"twitter:data1\" content=\"6 minutes\" \/>\n<script type=\"application\/ld+json\" class=\"yoast-schema-graph\">{\"@context\":\"https:\\\/\\\/schema.org\",\"@graph\":[{\"@type\":\"WebPage\",\"@id\":\"https:\\\/\\\/www.lapenoterie-dordogne.com\\\/fr\\\/les-alentours\\\/\",\"url\":\"https:\\\/\\\/www.lapenoterie-dordogne.com\\\/fr\\\/les-alentours\\\/\",\"name\":\"Les alentours - La Penoterie Dordogne Gite vakantiehuis in de Dordogne, op een prachtige plek nabij Montignac\",\"isPartOf\":{\"@id\":\"https:\\\/\\\/www.lapenoterie-dordogne.com\\\/fr\\\/#website\"},\"primaryImageOfPage\":{\"@id\":\"https:\\\/\\\/www.lapenoterie-dordogne.com\\\/fr\\\/les-alentours\\\/#primaryimage\"},\"image\":{\"@id\":\"https:\\\/\\\/www.lapenoterie-dordogne.com\\\/fr\\\/les-alentours\\\/#primaryimage\"},\"thumbnailUrl\":\"https:\\\/\\\/www.lapenoterie-dordogne.com\\\/wp-content\\\/uploads\\\/markt-in-dordogne.jpg\",\"datePublished\":\"2022-01-12T16:03:06+00:00\",\"dateModified\":\"2022-01-26T17:25:52+00:00\",\"breadcrumb\":{\"@id\":\"https:\\\/\\\/www.lapenoterie-dordogne.com\\\/fr\\\/les-alentours\\\/#breadcrumb\"},\"inLanguage\":\"fr-FR\",\"potentialAction\":[{\"@type\":\"ReadAction\",\"target\":[\"https:\\\/\\\/www.lapenoterie-dordogne.com\\\/fr\\\/les-alentours\\\/\"]}]},{\"@type\":\"ImageObject\",\"inLanguage\":\"fr-FR\",\"@id\":\"https:\\\/\\\/www.lapenoterie-dordogne.com\\\/fr\\\/les-alentours\\\/#primaryimage\",\"url\":\"https:\\\/\\\/www.lapenoterie-dordogne.com\\\/wp-content\\\/uploads\\\/markt-in-dordogne.jpg\",\"contentUrl\":\"https:\\\/\\\/www.lapenoterie-dordogne.com\\\/wp-content\\\/uploads\\\/markt-in-dordogne.jpg\",\"width\":1600,\"height\":770,\"caption\":\"Franse markt in de Dordogne\"},{\"@type\":\"BreadcrumbList\",\"@id\":\"https:\\\/\\\/www.lapenoterie-dordogne.com\\\/fr\\\/les-alentours\\\/#breadcrumb\",\"itemListElement\":[{\"@type\":\"ListItem\",\"position\":1,\"name\":\"Home\",\"item\":\"https:\\\/\\\/www.lapenoterie-dordogne.com\\\/fr\\\/\"},{\"@type\":\"ListItem\",\"position\":2,\"name\":\"Les alentours\"}]},{\"@type\":\"WebSite\",\"@id\":\"https:\\\/\\\/www.lapenoterie-dordogne.com\\\/fr\\\/#website\",\"url\":\"https:\\\/\\\/www.lapenoterie-dordogne.com\\\/fr\\\/\",\"name\":\"La Penoterie Dordogne Gite vakantiehuis in de Dordogne, op een prachtige plek nabij Montignac\",\"description\":\"Op Domaine La Penoterie in de Dordogne zijn twee g\u00eetes te huur\",\"publisher\":{\"@id\":\"https:\\\/\\\/www.lapenoterie-dordogne.com\\\/fr\\\/#organization\"},\"potentialAction\":[{\"@type\":\"SearchAction\",\"target\":{\"@type\":\"EntryPoint\",\"urlTemplate\":\"https:\\\/\\\/www.lapenoterie-dordogne.com\\\/fr\\\/?s={search_term_string}\"},\"query-input\":{\"@type\":\"PropertyValueSpecification\",\"valueRequired\":true,\"valueName\":\"search_term_string\"}}],\"inLanguage\":\"fr-FR\"},{\"@type\":\"Organization\",\"@id\":\"https:\\\/\\\/www.lapenoterie-dordogne.com\\\/fr\\\/#organization\",\"name\":\"La Penoterie Dordogne\",\"url\":\"https:\\\/\\\/www.lapenoterie-dordogne.com\\\/fr\\\/\",\"logo\":{\"@type\":\"ImageObject\",\"inLanguage\":\"fr-FR\",\"@id\":\"https:\\\/\\\/www.lapenoterie-dordogne.com\\\/fr\\\/#\\\/schema\\\/logo\\\/image\\\/\",\"url\":\"https:\\\/\\\/www.lapenoterie-dordogne.com\\\/wp-content\\\/uploads\\\/header-homepagina.jpg\",\"contentUrl\":\"https:\\\/\\\/www.lapenoterie-dordogne.com\\\/wp-content\\\/uploads\\\/header-homepagina.jpg\",\"width\":1600,\"height\":1067,\"caption\":\"La Penoterie Dordogne\"},\"image\":{\"@id\":\"https:\\\/\\\/www.lapenoterie-dordogne.com\\\/fr\\\/#\\\/schema\\\/logo\\\/image\\\/\"},\"sameAs\":[\"https:\\\/\\\/www.facebook.com\\\/people\\\/La-Penoterie-Dordogne\\\/100057469329295\\\/\"]}]}<\/script>\n<!-- \/ Yoast SEO plugin. -->","yoast_head_json":{"title":"Les alentours - La Penoterie Dordogne Gite vakantiehuis in de Dordogne, op een prachtige plek nabij Montignac","robots":{"index":"index","follow":"follow","max-snippet":"max-snippet:-1","max-image-preview":"max-image-preview:large","max-video-preview":"max-video-preview:-1"},"canonical":"https:\/\/www.lapenoterie-dordogne.com\/fr\/les-alentours\/","og_locale":"fr_FR","og_type":"article","og_title":"Les alentours - La Penoterie Dordogne Gite vakantiehuis in de Dordogne, op een prachtige plek nabij Montignac","og_description":"Les alentours Montignac sur V\u00e9z\u00e8re La Penoterie se situe \u00e0 4 kilom\u00e8tres de Montignac sur V\u00e9z\u00e8re, connu pour les Grottes de Lascaux. L\u2019histoire de cette charmante petite ville remonte \u00e0 la pr\u00e9histoire. Une promenade en ville vaut absolument le coup. Toutes les facilit\u00e9s sont pr\u00e9sentes \u00e0 Montignac: M\u00e9decin et pharmacie Bureau de poste Office de [&hellip;]","og_url":"https:\/\/www.lapenoterie-dordogne.com\/fr\/les-alentours\/","og_site_name":"La Penoterie Dordogne Gite vakantiehuis in de Dordogne, op een prachtige plek nabij Montignac","article_publisher":"https:\/\/www.facebook.com\/people\/La-Penoterie-Dordogne\/100057469329295\/","article_modified_time":"2022-01-26T17:25:52+00:00","og_image":[{"width":1600,"height":770,"url":"https:\/\/www.lapenoterie-dordogne.com\/wp-content\/uploads\/markt-in-dordogne.jpg","type":"image\/jpeg"}],"twitter_card":"summary_large_image","twitter_misc":{"Dur\u00e9e de lecture estim\u00e9e":"6 minutes"},"schema":{"@context":"https:\/\/schema.org","@graph":[{"@type":"WebPage","@id":"https:\/\/www.lapenoterie-dordogne.com\/fr\/les-alentours\/","url":"https:\/\/www.lapenoterie-dordogne.com\/fr\/les-alentours\/","name":"Les alentours - La Penoterie Dordogne Gite vakantiehuis in de Dordogne, op een prachtige plek nabij Montignac","isPartOf":{"@id":"https:\/\/www.lapenoterie-dordogne.com\/fr\/#website"},"primaryImageOfPage":{"@id":"https:\/\/www.lapenoterie-dordogne.com\/fr\/les-alentours\/#primaryimage"},"image":{"@id":"https:\/\/www.lapenoterie-dordogne.com\/fr\/les-alentours\/#primaryimage"},"thumbnailUrl":"https:\/\/www.lapenoterie-dordogne.com\/wp-content\/uploads\/markt-in-dordogne.jpg","datePublished":"2022-01-12T16:03:06+00:00","dateModified":"2022-01-26T17:25:52+00:00","breadcrumb":{"@id":"https:\/\/www.lapenoterie-dordogne.com\/fr\/les-alentours\/#breadcrumb"},"inLanguage":"fr-FR","potentialAction":[{"@type":"ReadAction","target":["https:\/\/www.lapenoterie-dordogne.com\/fr\/les-alentours\/"]}]},{"@type":"ImageObject","inLanguage":"fr-FR","@id":"https:\/\/www.lapenoterie-dordogne.com\/fr\/les-alentours\/#primaryimage","url":"https:\/\/www.lapenoterie-dordogne.com\/wp-content\/uploads\/markt-in-dordogne.jpg","contentUrl":"https:\/\/www.lapenoterie-dordogne.com\/wp-content\/uploads\/markt-in-dordogne.jpg","width":1600,"height":770,"caption":"Franse markt in de Dordogne"},{"@type":"BreadcrumbList","@id":"https:\/\/www.lapenoterie-dordogne.com\/fr\/les-alentours\/#breadcrumb","itemListElement":[{"@type":"ListItem","position":1,"name":"Home","item":"https:\/\/www.lapenoterie-dordogne.com\/fr\/"},{"@type":"ListItem","position":2,"name":"Les alentours"}]},{"@type":"WebSite","@id":"https:\/\/www.lapenoterie-dordogne.com\/fr\/#website","url":"https:\/\/www.lapenoterie-dordogne.com\/fr\/","name":"La Penoterie Dordogne Gite vakantiehuis in de Dordogne, op een prachtige plek nabij Montignac","description":"Op Domaine La Penoterie in de Dordogne zijn twee g\u00eetes te huur","publisher":{"@id":"https:\/\/www.lapenoterie-dordogne.com\/fr\/#organization"},"potentialAction":[{"@type":"SearchAction","target":{"@type":"EntryPoint","urlTemplate":"https:\/\/www.lapenoterie-dordogne.com\/fr\/?s={search_term_string}"},"query-input":{"@type":"PropertyValueSpecification","valueRequired":true,"valueName":"search_term_string"}}],"inLanguage":"fr-FR"},{"@type":"Organization","@id":"https:\/\/www.lapenoterie-dordogne.com\/fr\/#organization","name":"La Penoterie Dordogne","url":"https:\/\/www.lapenoterie-dordogne.com\/fr\/","logo":{"@type":"ImageObject","inLanguage":"fr-FR","@id":"https:\/\/www.lapenoterie-dordogne.com\/fr\/#\/schema\/logo\/image\/","url":"https:\/\/www.lapenoterie-dordogne.com\/wp-content\/uploads\/header-homepagina.jpg","contentUrl":"https:\/\/www.lapenoterie-dordogne.com\/wp-content\/uploads\/header-homepagina.jpg","width":1600,"height":1067,"caption":"La Penoterie Dordogne"},"image":{"@id":"https:\/\/www.lapenoterie-dordogne.com\/fr\/#\/schema\/logo\/image\/"},"sameAs":["https:\/\/www.facebook.com\/people\/La-Penoterie-Dordogne\/100057469329295\/"]}]}},"_links":{"self":[{"href":"https:\/\/www.lapenoterie-dordogne.com\/fr\/wp-json\/wp\/v2\/pages\/1731","targetHints":{"allow":["GET"]}}],"collection":[{"href":"https:\/\/www.lapenoterie-dordogne.com\/fr\/wp-json\/wp\/v2\/pages"}],"about":[{"href":"https:\/\/www.lapenoterie-dordogne.com\/fr\/wp-json\/wp\/v2\/types\/page"}],"author":[{"embeddable":true,"href":"https:\/\/www.lapenoterie-dordogne.com\/fr\/wp-json\/wp\/v2\/users\/2"}],"replies":[{"embeddable":true,"href":"https:\/\/www.lapenoterie-dordogne.com\/fr\/wp-json\/wp\/v2\/comments?post=1731"}],"version-history":[{"count":0,"href":"https:\/\/www.lapenoterie-dordogne.com\/fr\/wp-json\/wp\/v2\/pages\/1731\/revisions"}],"wp:featuredmedia":[{"embeddable":true,"href":"https:\/\/www.lapenoterie-dordogne.com\/fr\/wp-json\/wp\/v2\/media\/169"}],"wp:attachment":[{"href":"https:\/\/www.lapenoterie-dordogne.com\/fr\/wp-json\/wp\/v2\/media?parent=1731"}],"curies":[{"name":"wp","href":"https:\/\/api.w.org\/{rel}","templated":true}]}}